{"id":453,"date":"2024-06-20T20:43:26","date_gmt":"2024-06-20T18:43:26","guid":{"rendered":"https:\/\/wikinger.vcp-starkenburg.de\/?page_id=453"},"modified":"2026-03-04T11:32:04","modified_gmt":"2026-03-04T10:32:04","slug":"wer-wir-sind","status":"publish","type":"page","link":"https:\/\/wikinger.vcp-starkenburg.de\/?page_id=453","title":{"rendered":"Wer wir sind"},"content":{"rendered":"\n<p>Der Stamm Wikinger ist der gr\u00f6\u00dfte der Region Starkenburg und leistet seit 1976 aktive Jugendarbeit. Unser Stamm ist ein bunter Haufen aus Jung und Alt, in dem viel gemeinsam geplant, angepackt und erlebt wird. Neben w\u00f6chentlichen Gruppenstunden f\u00fcr verschiedene Altersstufen ab der ersten Klasse finden bei uns das ganze Jahr \u00fcber viele Aktionen statt. In jeder (schul-)freien Minute sind wir unterwegs, wo auch immer wir hinwollen \u2013 auf Lagern, Fahrten und Hajks; im Saarland, in Schweden oder in S\u00fcdkorea \u2013 Hauptsache drau\u00dfen!<\/p>\n\n\n\n<p>Wir Pfadfinder*innen wollen gemeinsam unsere Gesellschaft und unsere Zukunft erkunden und gestalten. Wir stehen f\u00fcr die grundlegenden Werte einer friedlichen, offenen und bunten Gesellschaft ein. Bei uns lernen Kinder und Jugendliche spielerisch und mit viel Spa\u00df, Verantwortung zu \u00fcbernehmen, sich in die Gruppe einzubringen und ihre eigenen St\u00e4rken zu entdecken. Dabei spielen weder Konfession, Geschlecht oder Herkunft eine Rolle.<\/p>\n\n\n\n<p>Zwar ist der VCP als Teil der Evangelischen Jugend Deutschlands protestantisch gepr\u00e4gt, doch finden sich unter den rund 20.000 Kindern und Jugendlichen, die bundesweit aktiv sind, Vertreter*innen aller m\u00f6glichen Glaubensrichtungen. Allen gemeinsam ist das Ziel, die Welt ein St\u00fcck besser zu hinterlassen, als wir sie vorgefunden haben.<\/p>\n\n\n\n<p>Mehr Informationen unter www.vcp.de!<\/p>\n","protected":false},"excerpt":{"rendered":"<p>Der Stamm Wikinger ist der gr\u00f6\u00dfte der Region Starkenburg und leistet seit 1976 aktive Jugendarbeit. Unser Stamm ist ein bunter Haufen aus Jung und Alt, in dem viel gemeinsam geplant, angepackt und erlebt wird. Neben w\u00f6chentlichen Gruppenstunden f\u00fcr verschiedene Altersstufen ab der ersten Klasse finden bei uns das ganze Jahr \u00fcber viele Aktionen statt. In [&hellip;]<\/p>\n","protected":false},"author":3,"featured_media":0,"parent":0,"menu_order":0,"comment_status":"closed","ping_status":"closed","template":"","meta":{"inline_featured_image":false,"footnotes":""},"class_list":["post-453","page","type-page","status-publish","hentry"],"_links":{"self":[{"href":"https:\/\/wikinger.vcp-starkenburg.de\/index.php?rest_route=\/wp\/v2\/pages\/453","targetHints":{"allow":["GET"]}}],"collection":[{"href":"https:\/\/wikinger.vcp-starkenburg.de\/index.php?rest_route=\/wp\/v2\/pages"}],"about":[{"href":"https:\/\/wikinger.vcp-starkenburg.de\/index.php?rest_route=\/wp\/v2\/types\/page"}],"author":[{"embeddable":true,"href":"https:\/\/wikinger.vcp-starkenburg.de\/index.php?rest_route=\/wp\/v2\/users\/3"}],"replies":[{"embeddable":true,"href":"https:\/\/wikinger.vcp-starkenburg.de\/index.php?rest_route=%2Fwp%2Fv2%2Fcomments&post=453"}],"version-history":[{"count":2,"href":"https:\/\/wikinger.vcp-starkenburg.de\/index.php?rest_route=\/wp\/v2\/pages\/453\/revisions"}],"predecessor-version":[{"id":613,"href":"https:\/\/wikinger.vcp-starkenburg.de\/index.php?rest_route=\/wp\/v2\/pages\/453\/revisions\/613"}],"wp:attachment":[{"href":"https:\/\/wikinger.vcp-starkenburg.de\/index.php?rest_route=%2Fwp%2Fv2%2Fmedia&parent=453"}],"curies":[{"name":"wp","href":"https:\/\/api.w.org\/{rel}","templated":true}]}}